{"id":212,"date":"2024-10-03T05:46:47","date_gmt":"2024-10-03T05:46:47","guid":{"rendered":"https:\/\/akademia.is\/mim\/?page_id=212"},"modified":"2026-03-03T07:01:36","modified_gmt":"2026-03-03T07:01:36","slug":"news","status":"publish","type":"page","link":"https:\/\/akademia.is\/mim\/news\/","title":{"rendered":"News"},"content":{"rendered":"\t\t<div data-elementor-type=\"wp-page\" data-elementor-id=\"212\" class=\"elementor elementor-212\">\n\t\t\t\t<div class=\"elementor-element elementor-element-8e16100 e-flex e-con-boxed wpr-particle-no wpr-jarallax-no wpr-parallax-no wpr-sticky-section-no e-con e-parent\" data-id=\"8e16100\" data-element_type=\"container\">\n\t\t\t\t\t<div class=\"e-con-inner\">\n\t\t\t\t<div class=\"elementor-element elementor-element-563a47e elementor-widget elementor-widget-heading\" data-id=\"563a47e\" data-element_type=\"widget\" data-widget_type=\"heading.default\">\n\t\t\t\t<div class=\"elementor-widget-container\">\n\t\t\t\t\t<h1 class=\"elementor-heading-title elementor-size-default\">News<\/h1>\t\t\t\t<\/div>\n\t\t\t\t<\/div>\n\t\t\t\t\t<\/div>\n\t\t\t\t<\/div>\n\t\t<div class=\"elementor-element elementor-element-8b41d91 e-flex e-con-boxed wpr-particle-no wpr-jarallax-no wpr-parallax-no wpr-sticky-section-no e-con e-parent\" data-id=\"8b41d91\" data-element_type=\"container\">\n\t\t\t\t\t<div class=\"e-con-inner\">\n\t\t<div class=\"elementor-element elementor-element-426b03a e-con-full e-flex wpr-particle-no wpr-jarallax-no wpr-parallax-no wpr-sticky-section-no e-con e-child\" data-id=\"426b03a\" data-element_type=\"container\">\n\t\t\t\t<div class=\"elementor-element elementor-element-7105d98 elementor-widget elementor-widget-text-editor\" data-id=\"7105d98\" data-element_type=\"widget\" data-widget_type=\"text-editor.default\">\n\t\t\t\t<div class=\"elementor-widget-container\">\n\t\t\t\t\t\t\t\t\t<p>03.03.2026<\/p>\t\t\t\t\t\t\t\t<\/div>\n\t\t\t\t<\/div>\n\t\t\t\t<div class=\"elementor-element elementor-element-ccb1d63 elementor-widget elementor-widget-heading\" data-id=\"ccb1d63\" data-element_type=\"widget\" data-widget_type=\"heading.default\">\n\t\t\t\t<div class=\"elementor-widget-container\">\n\t\t\t\t\t<h2 class=\"elementor-heading-title elementor-size-default\"><a href=\"https:\/\/akademia.is\/mim\/stada-adstodarrannsakanda-laus-til-umsoknar\/\">Call for Papers: Musical Modernism in a Global Perspective<\/a><\/h2>\t\t\t\t<\/div>\n\t\t\t\t<\/div>\n\t\t\t\t<div class=\"elementor-element elementor-element-9dc6f41 elementor-widget elementor-widget-text-editor\" data-id=\"9dc6f41\" data-element_type=\"widget\" data-widget_type=\"text-editor.default\">\n\t\t\t\t<div class=\"elementor-widget-container\">\n\t\t\t\t\t\t\t\t\t<p><span lang=\"EN-US\" style=\"font-size: 12.0pt; line-height: 107%; font-family: 'Times New Roman',serif; mso-fareast-font-family: Calibri; mso-fareast-theme-font: minor-latin; mso-ansi-language: EN-US; mso-fareast-language: EN-US; mso-bidi-language: AR-SA;\">Conference in Reykjav\u00edk, Iceland, 9\u201310 October, 2026<\/span><\/p><p><span lang=\"EN-US\" style=\"font-size: 12.0pt; line-height: 107%; font-family: 'Times New Roman',serif; mso-fareast-font-family: Calibri; mso-fareast-theme-font: minor-latin; mso-ansi-language: EN-US; mso-fareast-language: EN-US; mso-bidi-language: AR-SA;\">The Call for Papers for the conference \u201cMusical Modernism in a Global Perspective\u201d is now open. The conference will take place in Reykjav\u00edk, Iceland on 9 and 10 October 2026, at the Reykjav\u00edk Academy (Hafnarstr\u00e6ti 5, Reykjav\u00edk).<\/span><\/p><p><span lang=\"EN-US\" style=\"font-size: 12.0pt; line-height: 107%; font-family: 'Times New Roman',serif; mso-fareast-font-family: Calibri; mso-fareast-theme-font: minor-latin; mso-ansi-language: EN-US; mso-fareast-language: EN-US; mso-bidi-language: AR-SA;\">The conference aims to explore the notion of musical modernism through a wide lens, including geography, musical style, aesthetics, reception, politics, transmission, and institutionalization. Studies of modernist traditions in countries or cultures that might be regarded as \u201cperipheral\u201d are particularly welcomed, as are studies that offer new perspectives on modernism in areas already well represented in musicological scholarship. Particular attention will be placed on the period ca. 1945\u20131980, although contributions outside of this time frame are also welcome.<\/span><\/p><p><span lang=\"EN-US\" style=\"font-size: 12.0pt; line-height: 107%; font-family: 'Times New Roman',serif; mso-fareast-font-family: Calibri; mso-fareast-theme-font: minor-latin; mso-ansi-language: EN-US; mso-fareast-language: EN-US; mso-bidi-language: AR-SA;\">The conference is organized by the Reykjav\u00edk Academy, with funding from the Icelandic Research Fund, and is open to ALL scholars, students, and individuals interested in the topic. In conjunction with the conference, the music festival ErkiT\u00ed\u00f0 will take place, devoted to music by some of Iceland\u2019s leading modernist composers.<\/span><\/p><p><span lang=\"EN-US\" style=\"font-size: 12.0pt; line-height: 107%; font-family: 'Times New Roman',serif; mso-fareast-font-family: Calibri; mso-fareast-theme-font: minor-latin; mso-ansi-language: EN-US; mso-fareast-language: EN-US; mso-bidi-language: AR-SA;\">We invite interested participants to submit a paper proposal (max. 300 words), accompanied by a short biographical note (max. 100 words) by 25 May to: mim@akademia.is. Each lecture will be 20 minutes + 10 minutes of discussion. Applicants will be notified by 15 June.<\/span><\/p><p><span lang=\"EN-US\" style=\"font-size: 12.0pt; line-height: 107%; font-family: 'Times New Roman',serif; mso-fareast-font-family: Calibri; mso-fareast-theme-font: minor-latin; mso-ansi-language: EN-US; mso-fareast-language: EN-US; mso-bidi-language: AR-SA;\"><span style=\"font-size: 12pt;\">Organizing committee:<\/span><br \/><\/span><\/p><p><span lang=\"EN-US\" style=\"font-size: 12.0pt; line-height: 107%; font-family: 'Times New Roman',serif; mso-fareast-font-family: Calibri; mso-fareast-theme-font: minor-latin; mso-ansi-language: EN-US; mso-fareast-language: EN-US; mso-bidi-language: AR-SA;\">\u00c1rni Heimir Ing\u00f3lfsson, Helgi Rafn Ingvarsson, Tui Hirv, Tinna \u00deorsteinsd\u00f3ttir.<\/span><\/p><p><span lang=\"EN-US\" style=\"font-size: 12.0pt; line-height: 107%; font-family: 'Times New Roman',serif; mso-fareast-font-family: Calibri; mso-fareast-theme-font: minor-latin; mso-ansi-language: EN-US; mso-fareast-language: EN-US; mso-bidi-language: AR-SA;\">This conference is part of the research project \u201cModernism in Icelandic Music,\u201d see: <a href=\"https:\/\/akademia.is\/mim\/\">https:\/\/akademia.is\/mim\/<\/a><br \/><\/span><\/p>\t\t\t\t\t\t\t\t<\/div>\n\t\t\t\t<\/div>\n\t\t\t\t<\/div>\n\t\t<div class=\"elementor-element elementor-element-0c91109 e-con-full e-flex wpr-particle-no wpr-jarallax-no wpr-parallax-no wpr-sticky-section-no e-con e-child\" data-id=\"0c91109\" data-element_type=\"container\">\n\t\t\t\t<div class=\"elementor-element elementor-element-40954c9 elementor-widget elementor-widget-text-editor\" data-id=\"40954c9\" data-element_type=\"widget\" data-widget_type=\"text-editor.default\">\n\t\t\t\t<div class=\"elementor-widget-container\">\n\t\t\t\t\t\t\t\t\t<p>05.03.2025<\/p>\t\t\t\t\t\t\t\t<\/div>\n\t\t\t\t<\/div>\n\t\t\t\t<div class=\"elementor-element elementor-element-3d46fce elementor-widget elementor-widget-heading\" data-id=\"3d46fce\" data-element_type=\"widget\" data-widget_type=\"heading.default\">\n\t\t\t\t<div class=\"elementor-widget-container\">\n\t\t\t\t\t<h2 class=\"elementor-heading-title elementor-size-default\"><a href=\"https:\/\/akademia.is\/mim\/research-and-lectures-in-japan\/\">Research and Lectures in Japan<\/a><\/h2>\t\t\t\t<\/div>\n\t\t\t\t<\/div>\n\t\t\t\t<div class=\"elementor-element elementor-element-b33aeb9 elementor-widget elementor-widget-text-editor\" data-id=\"b33aeb9\" data-element_type=\"widget\" data-widget_type=\"text-editor.default\">\n\t\t\t\t<div class=\"elementor-widget-container\">\n\t\t\t\t\t\t\t\t\t<p>In April 2025, \u00c1rni Heimir Ing\u00f3lfsson, the project\u2019s Principal Investigator, will give a series of lectures in Tokyo, Japan, including a lecture at Waseda University on the influence on Japanese music on Icelandic modernist scores in the 1970s. These include Atli Heimir Sveinsson\u2019s <em>Flute Concerto<\/em>, <em>Xanties<\/em> for flute and piano, and <em>Japanese Poems<\/em> for mixed choir and guitar, as well as \u00deorkell Sigurbj\u00f6rnsson\u2019s <em>Kalais <\/em>for solo flute. The lecture is sponsored by the Japanese Society for Musicology. Ing\u00f3lfsson\u2019s stay in Japan will also include meetings with local musicians and musicologists, in an attempt to examine more closely the influence of Japanese music and \u201corientalism\u201d in general in Icelandic modernist music, particularly during the 1970s.\u00a0<\/p>\t\t\t\t\t\t\t\t<\/div>\n\t\t\t\t<\/div>\n\t\t\t\t<\/div>\n\t\t<div class=\"elementor-element elementor-element-f3f1e3d e-con-full e-flex wpr-particle-no wpr-jarallax-no wpr-parallax-no wpr-sticky-section-no e-con e-child\" data-id=\"f3f1e3d\" data-element_type=\"container\">\n\t\t\t\t<div class=\"elementor-element elementor-element-338468b elementor-widget elementor-widget-text-editor\" data-id=\"338468b\" data-element_type=\"widget\" data-widget_type=\"text-editor.default\">\n\t\t\t\t<div class=\"elementor-widget-container\">\n\t\t\t\t\t\t\t\t\t<p>05.03.2025<\/p>\t\t\t\t\t\t\t\t<\/div>\n\t\t\t\t<\/div>\n\t\t\t\t<div class=\"elementor-element elementor-element-ec6f445 elementor-widget elementor-widget-heading\" data-id=\"ec6f445\" data-element_type=\"widget\" data-widget_type=\"heading.default\">\n\t\t\t\t<div class=\"elementor-widget-container\">\n\t\t\t\t\t<h2 class=\"elementor-heading-title elementor-size-default\"><a href=\"https:\/\/akademia.is\/mim\/lectures-in-london-and-chicago\/\">Lectures in London and Chicago<\/a><\/h2>\t\t\t\t<\/div>\n\t\t\t\t<\/div>\n\t\t\t\t<div class=\"elementor-element elementor-element-dc83b60 elementor-widget elementor-widget-text-editor\" data-id=\"dc83b60\" data-element_type=\"widget\" data-widget_type=\"text-editor.default\">\n\t\t\t\t<div class=\"elementor-widget-container\">\n\t\t\t\t\t\t\t\t\t<p>\u00c1rni Heimir Ing\u00f3lfsson presented a lecture titled \u201cCreating Musical Modernism in Mid-Twentieth Century Iceland\u201d at the annual meeting of the Royal Musical Association (London, September 2024), and the annual meeting of the American Musicological Society (Chicago, November 2024).<\/p>\t\t\t\t\t\t\t\t<\/div>\n\t\t\t\t<\/div>\n\t\t\t\t<\/div>\n\t\t\t\t\t<\/div>\n\t\t\t\t<\/div>\n\t\t<div class=\"elementor-element elementor-element-983c859 e-flex e-con-boxed wpr-particle-no wpr-jarallax-no wpr-parallax-no wpr-sticky-section-no e-con e-parent\" data-id=\"983c859\" data-element_type=\"container\">\n\t\t\t\t\t<div class=\"e-con-inner\">\n\t\t\t\t\t<\/div>\n\t\t\t\t<\/div>\n\t\t<div class=\"elementor-element elementor-element-9d4dbfa elementor-hidden-desktop elementor-hidden-tablet elementor-hidden-mobile e-flex e-con-boxed wpr-particle-no wpr-jarallax-no wpr-parallax-no wpr-sticky-section-no e-con e-parent\" data-id=\"9d4dbfa\" data-element_type=\"container\">\n\t\t\t\t\t<div class=\"e-con-inner\">\n\t\t<div class=\"elementor-element elementor-element-6c2c5d6 e-con-full e-flex wpr-particle-no wpr-jarallax-no wpr-parallax-no wpr-sticky-section-no e-con e-child\" data-id=\"6c2c5d6\" data-element_type=\"container\">\n\t\t\t\t<div class=\"elementor-element elementor-element-07f9fde elementor-widget elementor-widget-text-editor\" data-id=\"07f9fde\" data-element_type=\"widget\" data-widget_type=\"text-editor.default\">\n\t\t\t\t<div class=\"elementor-widget-container\">\n\t\t\t\t\t\t\t\t\t<p>Lorem Ipsum<\/p>\t\t\t\t\t\t\t\t<\/div>\n\t\t\t\t<\/div>\n\t\t\t\t<div class=\"elementor-element elementor-element-a660fd9 elementor-widget elementor-widget-heading\" data-id=\"a660fd9\" data-element_type=\"widget\" data-widget_type=\"heading.default\">\n\t\t\t\t<div class=\"elementor-widget-container\">\n\t\t\t\t\t<h2 class=\"elementor-heading-title elementor-size-default\">Lorem Ipsum is  simply dummy text of the printing and typesetting industry. Lorem Ipsum has been the industry\u2019s standard dummy text ever since the 1500s.<\/h2>\t\t\t\t<\/div>\n\t\t\t\t<\/div>\n\t\t\t\t<div class=\"elementor-element elementor-element-e6fea48 elementor-widget elementor-widget-text-editor\" data-id=\"e6fea48\" data-element_type=\"widget\" data-widget_type=\"text-editor.default\">\n\t\t\t\t<div class=\"elementor-widget-container\">\n\t\t\t\t\t\t\t\t\t<p>Lorem Ipsum is simply dummy text of the printing and typesetting industry. Lorem Ipsum has been the industry\u2019s standard dummy text ever since the 1500s.<\/p>\t\t\t\t\t\t\t\t<\/div>\n\t\t\t\t<\/div>\n\t\t\t\t<\/div>\n\t\t\t\t\t<\/div>\n\t\t\t\t<\/div>\n\t\t<div class=\"elementor-element elementor-element-63e7980 e-flex e-con-boxed wpr-particle-no wpr-jarallax-no wpr-parallax-no wpr-sticky-section-no e-con e-parent\" data-id=\"63e7980\" data-element_type=\"container\">\n\t\t\t\t\t<div class=\"e-con-inner\">\n\t\t<div class=\"elementor-element elementor-element-0742e1b e-con-full e-flex wpr-particle-no wpr-jarallax-no wpr-parallax-no wpr-sticky-section-no e-con e-child\" data-id=\"0742e1b\" data-element_type=\"container\">\n\t\t\t\t<div class=\"elementor-element elementor-element-0965e6d elementor-widget elementor-widget-image\" data-id=\"0965e6d\" data-element_type=\"widget\" data-widget_type=\"image.default\">\n\t\t\t\t<div class=\"elementor-widget-container\">\n\t\t\t\t\t\t\t\t\t\t\t\t\t\t\t<img decoding=\"async\" width=\"150\" height=\"150\" src=\"https:\/\/akademia.is\/mim\/wp-content\/uploads\/2024\/09\/akademian_logo-150x150.png\" class=\"attachment-thumbnail size-thumbnail wp-image-168\" alt=\"\" srcset=\"https:\/\/akademia.is\/mim\/wp-content\/uploads\/2024\/09\/akademian_logo-150x150.png 150w, https:\/\/akademia.is\/mim\/wp-content\/uploads\/2024\/09\/akademian_logo.png 300w\" sizes=\"(max-width: 150px) 100vw, 150px\" \/>\t\t\t\t\t\t\t\t\t\t\t\t\t\t\t<\/div>\n\t\t\t\t<\/div>\n\t\t\t\t<div class=\"elementor-element elementor-element-0147d81 elementor-widget elementor-widget-image\" data-id=\"0147d81\" data-element_type=\"widget\" data-widget_type=\"image.default\">\n\t\t\t\t<div class=\"elementor-widget-container\">\n\t\t\t\t\t\t\t\t\t\t\t\t\t\t\t<img decoding=\"async\" width=\"150\" height=\"150\" src=\"https:\/\/akademia.is\/mim\/wp-content\/uploads\/2024\/09\/rannis-150x150.png\" class=\"attachment-thumbnail size-thumbnail wp-image-169\" alt=\"\" \/>\t\t\t\t\t\t\t\t\t\t\t\t\t\t\t<\/div>\n\t\t\t\t<\/div>\n\t\t\t\t<\/div>\n\t\t\t\t\t<\/div>\n\t\t\t\t<\/div>\n\t\t\t\t<\/div>\n\t\t","protected":false},"excerpt":{"rendered":"<p>News 03.03.2026 Call for Papers: Musical Modernism in a Global Perspective Conference in Reykjav\u00edk, Iceland, 9\u201310 October, 2026 The Call for Papers for the conference \u201cMusical Modernism in a Global Perspective\u201d is now open. The conference will take place in Reykjav\u00edk, Iceland on 9 and 10 October 2026, at the Reykjav\u00edk Academy (Hafnarstr\u00e6ti 5, Reykjav\u00edk). The conference aims to explore the notion of musical modernism through a wide lens, including geography, musical style, aesthetics, reception, politics, transmission, and institutionalization. Studies of modernist traditions in countries or cultures that might be regarded as \u201cperipheral\u201d are particularly welcomed, as are studies that offer new perspectives on modernism in areas already well represented in musicological scholarship. Particular attention will be placed on the period ca. 1945\u20131980, although contributions outside of this time frame are also welcome. The conference is organized by the Reykjav\u00edk Academy, with funding from the Icelandic Research Fund, and is open to ALL scholars, students, and individuals interested in the topic. In conjunction with the conference, the music festival ErkiT\u00ed\u00f0 will take place, devoted to music by some of Iceland\u2019s leading modernist composers. We invite interested participants to submit a paper proposal (max. 300 words), accompanied by a short biographical note (max. 100 words) by 25 May to: mim@akademia.is. Each lecture will be 20 minutes + 10 minutes of discussion. Applicants will be notified by 15 June. Organizing committee: \u00c1rni Heimir Ing\u00f3lfsson, Helgi Rafn Ingvarsson, Tui Hirv, Tinna \u00deorsteinsd\u00f3ttir. This conference is part of the research project \u201cModernism in Icelandic Music,\u201d see: https:\/\/akademia.is\/mim\/ 05.03.2025 Research and Lectures in Japan In April 2025, \u00c1rni Heimir Ing\u00f3lfsson, the project\u2019s Principal Investigator, will give a series of lectures in Tokyo, Japan, including a lecture at Waseda University on the influence on Japanese music on Icelandic modernist scores in the 1970s. These include Atli Heimir Sveinsson\u2019s Flute Concerto, Xanties for flute and piano, and Japanese Poems for mixed choir and guitar, as well as \u00deorkell Sigurbj\u00f6rnsson\u2019s Kalais for solo flute. The lecture is sponsored by the Japanese Society for Musicology. Ing\u00f3lfsson\u2019s stay in Japan will also include meetings with local musicians and musicologists, in an attempt to examine more closely the influence of Japanese music and \u201corientalism\u201d in general in Icelandic modernist music, particularly during the 1970s.\u00a0 05.03.2025 Lectures in London and Chicago \u00c1rni Heimir Ing\u00f3lfsson presented a lecture titled \u201cCreating Musical Modernism in Mid-Twentieth Century Iceland\u201d at the annual meeting of the Royal Musical Association (London, September 2024), and the annual meeting of the American Musicological Society (Chicago, November 2024). Lorem Ipsum Lorem Ipsum is simply dummy text of the printing and typesetting industry. Lorem Ipsum has been the industry\u2019s standard dummy text ever since the 1500s. Lorem Ipsum is simply dummy text of the printing and typesetting industry. Lorem Ipsum has been the industry\u2019s standard dummy text ever since the 1500s.<\/p>\n","protected":false},"author":3,"featured_media":0,"parent":0,"menu_order":0,"comment_status":"closed","ping_status":"closed","template":"","meta":{"footnotes":""},"class_list":["post-212","page","type-page","status-publish","hentry"],"_links":{"self":[{"href":"https:\/\/akademia.is\/mim\/wp-json\/wp\/v2\/pages\/212","targetHints":{"allow":["GET"]}}],"collection":[{"href":"https:\/\/akademia.is\/mim\/wp-json\/wp\/v2\/pages"}],"about":[{"href":"https:\/\/akademia.is\/mim\/wp-json\/wp\/v2\/types\/page"}],"author":[{"embeddable":true,"href":"https:\/\/akademia.is\/mim\/wp-json\/wp\/v2\/users\/3"}],"replies":[{"embeddable":true,"href":"https:\/\/akademia.is\/mim\/wp-json\/wp\/v2\/comments?post=212"}],"version-history":[{"count":76,"href":"https:\/\/akademia.is\/mim\/wp-json\/wp\/v2\/pages\/212\/revisions"}],"predecessor-version":[{"id":1664,"href":"https:\/\/akademia.is\/mim\/wp-json\/wp\/v2\/pages\/212\/revisions\/1664"}],"wp:attachment":[{"href":"https:\/\/akademia.is\/mim\/wp-json\/wp\/v2\/media?parent=212"}],"curies":[{"name":"wp","href":"https:\/\/api.w.org\/{rel}","templated":true}]}}